{"id":90,"date":"2015-11-25T08:46:12","date_gmt":"2015-11-25T07:46:12","guid":{"rendered":"http:\/\/01design.eu\/citu\/WordPress3\/?page_id=90"},"modified":"2023-03-15T13:06:13","modified_gmt":"2023-03-15T12:06:13","slug":"accueil-test","status":"publish","type":"page","link":"https:\/\/citu-paragraphe.fr\/index.php\/accueil-test\/","title":{"rendered":"A propos"},"content":{"rendered":"<p><!--\n\n\n<div class=\"accordion\">\n\n\n<h3>Focus sur...<\/h3>\n\n\nCitu ! Citu. Un experiment technique d'affichage web par <a href=\"https:\/\/citu-paragraphe.fr\/index.php\/membres\/everardo-reyes\/\">Everardo Reyes<\/a>, MCF au CiTu.\n[iframe src=\"https:\/\/ereyes.net\/citu.html\" width=\"100%\" height=\"200\"]<\/div>\n\n\n--><\/p>\n<h3>Qui sommes nous<\/h3>\n<div class=\"one_third\"><img decoding=\"async\" loading=\"lazy\" class=\"wp-image-147 alignleft\" src=\"https:\/\/i0.wp.com\/citu-paragraphe.fr\/wp-content\/uploads\/2015\/11\/icon_team_128px.png?resize=76%2C76&#038;ssl=1\" alt=\"\" width=\"76\" height=\"76\" data-recalc-dims=\"1\" \/><a href=\"https:\/\/citu-paragraphe.fr\/index.php\/membres\/\">L\u2019\u00e9quipe <\/a>a \u00e9t\u00e9 cr\u00e9\u00e9e en 2007, elle axe ses recherches scientifiques sur la conception d\u2019information, dans le contexte g\u00e9n\u00e9ral des humanit\u00e9s num\u00e9riques et sur le terrain des nouveaux m\u00e9dias et de l\u2019art m\u00e9dia. De fait, les nouvelles formes d\u2019information, d\u2019expression, d&#8217;interf\u00e9rence et de cr\u00e9ation prennent en compte et questionnent en permanence les enjeux technologiques. D\u2019o\u00f9 l\u2019originalit\u00e9 du CiTu qui se veut \u00eatre au plus proche des projets cr\u00e9atifs en phase avec ses probl\u00e9matiques. <a href=\"https:\/\/citu-paragraphe.fr\/index.php\/membres\/\">Les membres de l\u2019\u00e9quipe CiTu<\/a> sont ancr\u00e9s en Sciences de l\u2019information et de la communication et se sp\u00e9cialisent dans l\u2019usage et les d\u00e9veloppements d\u2019applications innovantes centr\u00e9es sur l\u2019homme et pour l\u2019homme.<br \/>\n<\/div>\n<div class=\"one_third\"><img decoding=\"async\" loading=\"lazy\" class=\"alignleft wp-image-632\" src=\"https:\/\/i0.wp.com\/citu-paragraphe.fr\/wp-content\/uploads\/2015\/11\/icon_research_new_128px.png?resize=76%2C76&#038;ssl=1\" alt=\"icon_research_new_128px\" width=\"76\" height=\"76\" data-recalc-dims=\"1\" \/><a href=\"https:\/\/citu-paragraphe.fr\/index.php\/recherche\/\">Notre axe&nbsp;de recherche principal<\/a> et la conception d&#8217;information hyperm\u00e9dia (design d&#8217;information), qui est d\u00e9clin\u00e9 en <a href=\"https:\/\/citu-paragraphe.fr\/index.php\/recherche\/#axestr\">axes transversaux<\/a> (tels que la R\u00e9alit\u00e9 mixte, les Donn\u00e9es ouvertes, la Conception et design, etc.) et&nbsp;<a href=\"https:\/\/citu-paragraphe.fr\/index.php\/recherche\/#axesctr\">axes centraux<\/a> (tels que les Interactions humaines m\u00e9diatis\u00e9es et multimodales, l&#8217;Immersion et interaction, les Territoires augment\u00e9s, le Media Art, l&#8217;Impact du num\u00e9rique sur l\u2019homme, etc.). Consultez les liens ci-dessus ou le menu principal du site pour plus d&#8217;information sur ces th\u00e9matiques de recherches, leurs liens et les projets qui les portent.<\/div>\n<div class=\"one_third_last\"><img decoding=\"async\" loading=\"lazy\" class=\"alignleft wp-image-115\" src=\"https:\/\/i0.wp.com\/citu-paragraphe.fr\/wp-content\/uploads\/2015\/11\/icon_conferences_128px.png?resize=76%2C76&#038;ssl=1\" alt=\"icon_conferences_128px\" width=\"76\" height=\"76\" data-recalc-dims=\"1\" \/>Afin de promouvoir les travaux scientifiques et artistiques ainsi que d\u00e9velopper la recherche dans les domaines port\u00e9s par <a href=\"https:\/\/citu-paragraphe.fr\/index.php\/recherche\/\">nos axes<\/a>, nous organisons de nombreuses <a href=\"https:\/\/citu-paragraphe.fr\/index.php\/category\/colloque\/\">conf\u00e9rences et colloques<\/a> : <a href=\"https:\/\/europia.org\/cac6\/\">CAC.6 &#8211; Computer Art Congress<\/a>, <a href=\"https:\/\/europia.fr\/HIS5\/\">HIS.5 &#8211; HyperHeritage<\/a>, 01Design, <a href=\"https:\/\/europia.org\/cide21\/\">CIDE<\/a>, EIA, Fronti\u00e8res Num\u00e9riques, H2PTM, <a href=\"https:\/\/hyperurbain.org\/hu7\/\">HyperUrbain.7<\/a> et ICHSL. Nos activit\u00e9s de diss\u00e9mination scientifique et p\u00e9dagogique passent aussi par l&#8217;organise et la participation par l&#8217;\u00e9quipe \u00e0 des ateliers-laboratoires faisant intervenir ses membres, des intervenants ext\u00e9rieurs, et s\u2019adressant \u00e0 des \u00e9tudiants de Master. Notamment depuis 2007, en&nbsp;collaboration avec l\u2019\u00e9quipe <a href=\"http:\/\/c3u.paragraphe.info\/\">C3U-Paragraphe<\/a>, dans le cadre des <a href=\"http:\/\/www.humanites-numeriques.univ-paris8.fr\/?-N-E-T-\">Master NET<\/a> et <a href=\"https:\/\/www.univ-paris8.fr\/Master-ergonomie-cognitive-et\">Ergonomie<\/a> de l\u2019universit\u00e9 Paris 8, pour l&#8217;animation d&#8217;un <a href=\"https:\/\/citu-paragraphe.fr\/index.php\/formation\/ateliers\/atelier-conception-collaborative-ergonomique\/\">atelier de conception collaborative<\/a>.<br \/>\n<\/div>\n<div class=\"clear\"><\/div>\n","protected":false},"excerpt":{"rendered":"<p>Qui sommes nous<\/p>\n","protected":false},"author":1,"featured_media":0,"parent":0,"menu_order":0,"comment_status":"closed","ping_status":"closed","template":"","meta":[],"jetpack-related-posts":[{"id":25,"url":"https:\/\/citu-paragraphe.fr\/index.php\/recherche\/","url_meta":{"origin":90,"position":0},"title":"Axes de recherche","author":"Pierre Ch\u00e2tel-Innocenti","date":"13 novembre 2015","format":false,"excerpt":"Nos axes de recherche Chaque n\u0153ud de cet arbre est un axe de recherche de l'\u00e9quipe; de mani\u00e8re \u00e0 repr\u00e9senter l'axe principal (la Conception d'Information Hypermedia) \u00e0 la racine de l'arbre et les sous-axes - transversaux puis\u00a0centraux - qui en d\u00e9coulent, ainsi que leurs d\u00e9pendances. Pour obtenir plus d'information sur\u2026","rel":"","context":"Article similaire","block_context":{"text":"Article similaire","link":""},"img":{"alt_text":"","src":"","width":0,"height":0},"classes":[]},{"id":532,"url":"https:\/\/citu-paragraphe.fr\/index.php\/colloques\/cide\/","url_meta":{"origin":90,"position":1},"title":"CIDE","author":"Pierre Ch\u00e2tel-Innocenti","date":"18 d\u00e9cembre 2015","format":false,"excerpt":"CIDE - Colloque International sur le Document Num\u00e9rique Site web d\u00e9di\u00e9:\u00a0cide18.europia.org Depuis 1998, CIDE propose un cycle de manifestations scientifiques sur le th\u00e8me du document \u00e9lectronique, avec pour objectif de confronter les points de vue des diff\u00e9rentes disciplines concern\u00e9es par sa conception et ses usages et de diffuser les derniers\u2026","rel":"","context":"Article similaire","block_context":{"text":"Article similaire","link":""},"img":{"alt_text":"","src":"https:\/\/i0.wp.com\/citu-paragraphe.fr\/wp-content\/uploads\/2015\/12\/couvCiDE18.jpg?resize=350%2C200","width":350,"height":200},"classes":[]},{"id":4769,"url":"https:\/\/citu-paragraphe.fr\/index.php\/nos-seminaires-bimensuels\/","url_meta":{"origin":90,"position":2},"title":"Nos s\u00e9minaires bimensuels","author":"Nasreddine Bouhai","date":"13 avril 2023","format":false,"excerpt":"Nos s\u00e9minaires bimensuels (2025\/2026) _________________________________________________________________________________ Du trou surgit la fleur, les Alternate Reality Games comme sympt\u00f4me, rem\u00e8de et poison Lucile Hujeux Avec cette th\u00e8se de recherche-cr\u00e9ation, j\u2019essaie d\u2019interroger les Alternate Reality Games (ARGs) comme dispositifs esth\u00e9tiques, politiques et \u00e9pist\u00e9mologiques \u00e0 l\u2019\u00e8re du Web 3.0 et de l\u2019intelligence artificielle. En partant\u2026","rel":"","context":"Article similaire","block_context":{"text":"Article similaire","link":""},"img":{"alt_text":"","src":"https:\/\/i0.wp.com\/citu-paragraphe.fr\/wp-content\/uploads\/2026\/03\/Gemini_Generated_Image_tu2iddtu2iddtu2i-1.png?resize=350%2C200&ssl=1","width":350,"height":200,"srcset":"https:\/\/i0.wp.com\/citu-paragraphe.fr\/wp-content\/uploads\/2026\/03\/Gemini_Generated_Image_tu2iddtu2iddtu2i-1.png?resize=350%2C200&ssl=1 1x, https:\/\/i0.wp.com\/citu-paragraphe.fr\/wp-content\/uploads\/2026\/03\/Gemini_Generated_Image_tu2iddtu2iddtu2i-1.png?resize=525%2C300&ssl=1 1.5x, https:\/\/i0.wp.com\/citu-paragraphe.fr\/wp-content\/uploads\/2026\/03\/Gemini_Generated_Image_tu2iddtu2iddtu2i-1.png?resize=700%2C400&ssl=1 2x"},"classes":[]},{"id":2820,"url":"https:\/\/citu-paragraphe.fr\/index.php\/projets\/patrimoine-immateriel\/","url_meta":{"origin":90,"position":3},"title":"Patrimoine Immat\u00e9riel \u00e0 l&#8217;\u00e8re num\u00e9rique","author":"Luis Torres Yepez","date":"11 juin 2019","format":false,"excerpt":"Patrimoine Immat\u00e9riel \u00e0 l'\u00e8re num\u00e9rique En 2003, l'UNESCO adopte une Convention portant sur le sauvegarde du patrimoine culturel immat\u00e9riel (PCI) d\u00e9fini comme \"les pratiques, repr\u00e9sentations, expressions, connaissances et savoir-faire - ainsi que les instruments, objets, artefacts et espaces culturels qui leur sont associ\u00e9s - que les communaut\u00e9s, les groupes et,\u2026","rel":"","context":"Article similaire","block_context":{"text":"Article similaire","link":""},"img":{"alt_text":"Biopiraterie- Youtube","src":"https:\/\/i0.wp.com\/live.staticflickr.com\/65535\/48044744397_a49cab51a6_b.jpg?resize=350%2C200&ssl=1","width":350,"height":200,"srcset":"https:\/\/i0.wp.com\/live.staticflickr.com\/65535\/48044744397_a49cab51a6_b.jpg?resize=350%2C200&ssl=1 1x, https:\/\/i0.wp.com\/live.staticflickr.com\/65535\/48044744397_a49cab51a6_b.jpg?resize=525%2C300&ssl=1 1.5x, https:\/\/i0.wp.com\/live.staticflickr.com\/65535\/48044744397_a49cab51a6_b.jpg?resize=700%2C400&ssl=1 2x"},"classes":[]},{"id":3514,"url":"https:\/\/citu-paragraphe.fr\/index.php\/membres\/alyse-yilmaz\/","url_meta":{"origin":90,"position":4},"title":"Alyse Yilmaz","author":"Alyse Yilmaz","date":"24 novembre 2020","format":false,"excerpt":"Alyse Yilmaz Doctorante contractuelle Actuellement doctorante en sciences humaines et sociales, Alyse Yilmaz se sp\u00e9cialise dans l'\u00e9tude des dynamiques d'appropriation des technologies. Son travail s'appuie sur une m\u00e9thodologie mixte, alliant des approches quantitatives et qualitatives pour une analyse exhaustive. Elle est affili\u00e9e au laboratoire Paragraphe, une collaboration entre l'Universit\u00e9 Paris\u2026","rel":"","context":"Article similaire","block_context":{"text":"Article similaire","link":""},"img":{"alt_text":"","src":"","width":0,"height":0},"classes":[]},{"id":450,"url":"https:\/\/citu-paragraphe.fr\/index.php\/formation\/ateliers\/","url_meta":{"origin":90,"position":5},"title":"Ateliers Master","author":"Pierre Ch\u00e2tel-Innocenti","date":"9 d\u00e9cembre 2015","format":false,"excerpt":"Ateliers\u00a0Master Atelier D\u00e9tail de l'atelier Contact Conception Collaborative Conception de projets ergonomiques en \u00e9quipes pluridisciplinaires Viviane FOLCHER, Khaldoun ZREIK Hyperurbains et Smartcities Explorer les nouvelles formes de communication et d\u2019interaction dans le cadre de la ville connect\u00e9e Khaldoun ZREIK,\u00a0Samuel Szoniecky Proverbes et e-\u00e9ducation Concevoir un dispositif num\u00e9rique pour l\u2019E-education Salam\u2026","rel":"","context":"Article similaire","block_context":{"text":"Article similaire","link":""},"img":{"alt_text":"","src":"","width":0,"height":0},"classes":[]}],"_links":{"self":[{"href":"https:\/\/citu-paragraphe.fr\/index.php\/wp-json\/wp\/v2\/pages\/90"}],"collection":[{"href":"https:\/\/citu-paragraphe.fr\/index.php\/wp-json\/wp\/v2\/pages"}],"about":[{"href":"https:\/\/citu-paragraphe.fr\/index.php\/wp-json\/wp\/v2\/types\/page"}],"author":[{"embeddable":true,"href":"https:\/\/citu-paragraphe.fr\/index.php\/wp-json\/wp\/v2\/users\/1"}],"replies":[{"embeddable":true,"href":"https:\/\/citu-paragraphe.fr\/index.php\/wp-json\/wp\/v2\/comments?post=90"}],"version-history":[{"count":1,"href":"https:\/\/citu-paragraphe.fr\/index.php\/wp-json\/wp\/v2\/pages\/90\/revisions"}],"predecessor-version":[{"id":4347,"href":"https:\/\/citu-paragraphe.fr\/index.php\/wp-json\/wp\/v2\/pages\/90\/revisions\/4347"}],"wp:attachment":[{"href":"https:\/\/citu-paragraphe.fr\/index.php\/wp-json\/wp\/v2\/media?parent=90"}],"curies":[{"name":"wp","href":"https:\/\/api.w.org\/{rel}","templated":true}]}}